{"id":11055,"date":"2022-07-07T08:55:01","date_gmt":"2022-07-07T08:55:01","guid":{"rendered":"https:\/\/foodiesnutrition.ro\/?page_id=11055"},"modified":"2022-08-04T10:17:30","modified_gmt":"2022-08-04T10:17:30","slug":"termeni-si-conditii","status":"publish","type":"page","link":"https:\/\/foodiesnutrition.ro\/hu\/termeni-si-conditii\/","title":{"rendered":"Felt\u00e9telek \u00e9s szab\u00e1lyok"},"content":{"rendered":"<div class=\"vc_row wpb_row vc_row-fluid cspt-row cspt-bg-color-yes cspt-bg-color-transparent cspt-zindex-zero\">\r\n\t\t\t<div class=\"wpb_column vc_column_container vc_col-sm-12 cspt-column cspt-bg-color-yes cspt-bg-color-transparent cspt-zindex-zero\">\r\n\t<div class=\"vc_column-inner\">\r\n\t\t\t<div class=\"wpb_wrapper\">\r\n\t\t\t\n\t<div class=\"wpb_text_column wpb_content_element\" >\n\t\t<div class=\"wpb_wrapper\">\n\t\t\t<h2 class=\"wp-block-heading\">Felt\u00e9telek \u00e9s szab\u00e1lyok<\/h2>\n<p><strong>\u00c1LTAL\u00c1NOS ELAD\u00d3 ( TCGV)<\/strong><\/p>\n<p>Miel\u0151tt b\u00e1rmilyen anyagot, inform\u00e1ci\u00f3t vagy szolg\u00e1ltat\u00e1st haszn\u00e1lna vagy szerezne be ezen az online \u00e1ruh\u00e1zon kereszt\u00fcl, k\u00e9rj\u00fck, figyelmesen olvassa el az \u00c1ltal\u00e1nos Szerz\u0151d\u00e9si Felt\u00e9teleket.<\/p>\n<p><strong>1. Az online bolt adminisztr\u00e1tor\u00e1nak inform\u00e1ci\u00f3i<\/strong><\/p>\n<p><strong>FOODIE\u2019S NUTRITION SRL<\/strong>\u00a0sz\u00e9khelye Tiocu de Sus , Jud.\u00a0CLUJ<br \/>Tiocu de Sus, Com. Corne\u0219ti, nr.29 Jud. CLUJ , bejegyezve a c\u00e9gjegyz\u00e9kbe a C\u00e9gb\u00edr\u00f3s\u00e1gon a k\u00f6vetkez\u0151 sz\u00e1m alatt.\u00a0<strong>J12\/4563\/2021\u00a0<\/strong>, ad\u00f3k\u00f3d\u00a0<strong>44955514<\/strong>\u00a0,<\/p>\n<p>telefonsz\u00e1m:\u00a0<strong>(+40)\u00a00743 654 954<\/strong><\/p>\n<p>A term\u00e9kek sz\u00e1ll\u00edt\u00e1sa kiz\u00e1r\u00f3lag fut\u00e1rral vagy rom\u00e1n post\u00e1val t\u00f6rt\u00e9nik. Nincs munkaid\u0151nk az \u00fcgyfelekkel.<\/p>\n<p>A k\u00f6vetkez\u0151 m\u00f3don veheti fel vel\u00fcnk a kapcsolatot:<\/p>\n<p>- postai \u00faton a postac\u00edmre:\u00a0<strong>Tiocu de Sus\u00a0, jud.\u00a0CLUJ Tiocu de Sus, Com. Corne\u0219ti, nr.29 <\/strong><\/p>\n<p>- e-mailben a k\u00f6vetkez\u0151 c\u00edmre:\u00a0<strong>office@foodiesnutrition.ro<\/strong><\/p>\n<p>elefonon a megadott sz\u00e1mon:\u00a0<strong>(+40)\u00a00743 654 954<\/strong><\/p>\n<p><strong>2. TCGV elfogad\u00e1s<\/strong><\/p>\n<p>A rendszergazda hozz\u00e1f\u00e9r\u00e9st biztos\u00edt \u00d6nnek az online \u00e1ruh\u00e1zhoz \u00e9s annak haszn\u00e1lat\u00e1t, amennyiben \u00d6n elfogadja ezeket a felt\u00e9teleket.\u00a0 Azzal, hogy \u00d6n az online \u00e1ruh\u00e1zunkon kereszt\u00fcl b\u00e1rmilyen term\u00e9ket, tartalmat, adatot, anyagot, inform\u00e1ci\u00f3t vagy szolg\u00e1ltat\u00e1st el\u00e9r, haszn\u00e1l, szerez vagy v\u00e1s\u00e1rol, \u00d6n elfogadja, hogy a jelen \u00c1ltal\u00e1nos Szerz\u0151d\u00e9si Felt\u00e9telek k\u00f6telez\u0151 \u00e9rv\u00e9ny\u0171ek.<\/p>\n<p><strong>3. Szerz\u0151i jog<\/strong><\/p>\n<p>- A l\u00e1togat\u00f3\/v\u00e1s\u00e1rl\u00f3 tiszt\u00e1ban van a szellemi tulajdonjogokkal, \u00e9s nem t\u00f6lti le\/haszn\u00e1lja fel az \u00fczlet tartalm\u00e1t.\u00a0\u00a0<strong>foodiesnutrition.ro<\/strong>, k\u00e9pek, le\u00edr\u00e1sok, grafikai elemek, az adminisztr\u00e1tor \u00edr\u00e1sbeli hozz\u00e1j\u00e1rul\u00e1sa n\u00e9lk\u00fcl, mivel ezek az adminisztr\u00e1tor tulajdon\u00e1t k\u00e9pezik, \u00e9s a szerz\u0151i jog, valamint a szellemi \u00e9s ipari tulajdonra vonatkoz\u00f3 t\u00f6rv\u00e9nyek v\u00e9delme alatt \u00e1llnak.<\/p>\n<p><strong>4. T\u00e1voli szerz\u0151d\u00e9s t\u00f6k\u00e9letess\u00e9ge, \u00e9rv\u00e9nyess\u00e9ge<\/strong><\/p>\n<p>T\u00e1vollev\u0151k k\u00f6z\u00f6tt k\u00f6t\u00f6tt szerz\u0151d\u00e9s - a keresked\u0151 \u00e9s a vev\u0151 k\u00f6z\u00f6tt szervezett t\u00e1v\u00e9rt\u00e9kes\u00edt\u00e9si vagy t\u00e1vszolg\u00e1ltat\u00e1s keret\u00e9ben, a keresked\u0151 \u00e9s a fogyaszt\u00f3 egyidej\u0171 fizikai jelenl\u00e9te n\u00e9lk\u00fcl, egy vagy t\u00f6bb t\u00e1vk\u00f6zl\u00e9si eszk\u00f6z kiz\u00e1r\u00f3lagos felhaszn\u00e1l\u00e1s\u00e1val a szerz\u0151d\u00e9s megk\u00f6t\u00e9s\u00e9nek id\u0151pontj\u00e1ig bez\u00e1r\u00f3lag megk\u00f6t\u00f6tt szerz\u0151d\u00e9s.<\/p>\n<p>- A weboldal el\u00e9r\u00e9se\u00a0\u00a0<strong>foodiesnutrition.ro\u00a0<\/strong>ingyenes, \u00e9s az oldalak egyszer\u0171 b\u00f6ng\u00e9sz\u00e9se nem felt\u00e9telezi a felhaszn\u00e1l\u00f3i regisztr\u00e1ci\u00f3t. Az oldal \u00e1ltal ny\u00fajtott szolg\u00e1ltat\u00e1sok ig\u00e9nybev\u00e9tele \u00e9rdek\u00e9ben\u00a0\u00a0\u00a0<strong>foodiesnutrition.ro<\/strong>\u00a0Az \u00e1ltala k\u00edn\u00e1lt term\u00e9kek megv\u00e1s\u00e1rl\u00e1s\u00e1hoz felhaszn\u00e1l\u00f3i fi\u00f3kot kell l\u00e9trehoznia. Ehhez a TCGV el\u0151zetes elfogad\u00e1sa sz\u00fcks\u00e9ges. Ezek a szab\u00e1lyok k\u00e9pezik a felhaszn\u00e1l\u00f3 \u00e9s a v\u00e1llalat k\u00f6z\u00f6tti kapcsolat szerz\u0151d\u00e9ses alapj\u00e1t.<\/p>\n<p>- Azzal, hogy rendelt weboldalunkon\u00a0<strong>foodiesnutrition.ro\u00a0<\/strong>, a vev\u0151 elfogadja az e-mailben vagy telefonon t\u00f6rt\u00e9n\u0151 kommunik\u00e1ci\u00f3t, amelyen kereszt\u00fcl az \u00fcgyint\u00e9z\u0151 a tev\u00e9kenys\u00e9g\u00e9t v\u00e9gzi.<\/p>\n<p>- Ez a t\u00e1vollev\u0151k k\u00f6z\u00f6tti szerz\u0151d\u00e9s a megrendel\u00e9snek az \u00fcgyint\u00e9z\u0151 \u00e1ltali visszaigazol\u00e1s\u00e1nak pillanat\u00e1ban l\u00e9p hat\u00e1lyba. A visszaigazol\u00e1s elektronikus \u00faton (e-mailben) vagy sz\u00f6veges \u00fczenetben t\u00f6rt\u00e9nik.<\/p>\n<p>TCGV\u00a0\u00a0<strong>foodiesnutrition.ro<\/strong>\u00a0az \u00edgy megk\u00f6t\u00f6tt szerz\u0151d\u00e9s alapj\u00e1t k\u00e9pezik.<\/p>\n<p>- Az \u00fcgyint\u00e9z\u0151 a meg nem er\u0151s\u00edtett megrendel\u00e9seket semmik\u00e9ppen sem tekinti szerz\u0151d\u00e9ses \u00e9rt\u00e9k\u0171nek.<\/p>\n<p>- A k\u00f6vetkez\u0151k \u00e1ltal elad\u00e1sra k\u00edn\u00e1lt term\u00e9kek megv\u00e1s\u00e1rl\u00e1sa \u00e9s birtokba v\u00e9tele\u00a0\u00a0<strong>foodiesnutrition.ro<\/strong>\u00a0a k\u00f6vetkez\u0151 l\u00e9p\u00e9sek sz\u00fcks\u00e9gesek:<\/p>\n<p>- az \u00d6n felhaszn\u00e1l\u00f3i regisztr\u00e1ci\u00f3ja a\u00a0\u00a0<strong>foodiesnutrition.ro<\/strong><\/p>\n<p>- a term\u00e9kek azonos\u00edt\u00e1sa \u00e9s kiv\u00e1laszt\u00e1sa<\/p>\n<p>- megrendel\u00e9s ind\u00edt\u00e1sa<\/p>\n<p>- visszat\u00e9r\u00edt\u00e9ssel vagy online k\u00e1rty\u00e1s fizet\u00e9ssel t\u00f6rt\u00e9n\u0151 kifizet\u00e9se<\/p>\n<p><strong>5. \u00c1rak, fizet\u00e9si m\u00f3dok, sz\u00e1ll\u00edt\u00e1si m\u00f3dok, sz\u00e1ml\u00e1z\u00e1s<\/strong><\/p>\n<p>- Az \u00e1rak az egyes term\u00e9keknek szentelt oldalon jelennek meg, \u00e9s nem tartalmazz\u00e1k a sz\u00e1ll\u00edt\u00e1si d\u00edjakat, kiv\u00e9ve, ha kifejezetten jelzik, vagy ha a nagy megrendel\u00e9sek eset\u00e9n b\u00f3nuszk\u00e9nt felaj\u00e1nlj\u00e1k.<\/p>\n<p>- A sz\u00e1ml\u00e1n felt\u00fcntetett \u00e1r megegyezik az \u00fczemeltet\u0151 \u00e1ltal a megrendel\u00e9s visszaigazol\u00e1sakor k\u00fcld\u00f6tt \u00e1rral.<\/p>\n<p>- A fizet\u00e9s ut\u00e1nv\u00e9ttel, azaz a csomag \u00e1tv\u00e9telekor vagy banki \u00e1tutal\u00e1ssal, fizet\u00e9si megb\u00edz\u00e1ssal t\u00f6rt\u00e9nik, \u00e9s a v\u00e9gs\u0151 k\u00f6lts\u00e9g tartalmazza a megrendelt term\u00e9k \u00e1r\u00e1t, a sz\u00e1ll\u00edt\u00e1si \u00e1rat \u00e9s adott esetben a z\u00f6ldb\u00e9lyeg \u00e1r\u00e1t a 448\/2005 HG rendelkez\u00e9seinek megfelel\u0151en. Elektronikus vagy telefonos megrendel\u00e9s lead\u00e1s\u00e1val a\u00a0\u00a0<strong>foodiesnutrition.ro<\/strong>\u00a0\u00d6n beleegyezik abba a telefonos vagy e-mailes kommunik\u00e1ci\u00f3s form\u00e1ba, amellyel az oldal a m\u0171k\u00f6d\u00e9s\u00e9t v\u00e9gzi.<\/p>\n<p>- Ha banki \u00e1tutal\u00e1st v\u00e1laszt fizet\u00e9si m\u00f3dk\u00e9nt, akkor a megrendel\u00e9s automatikusan feldolgoz\u00e1sra ker\u00fcl.<\/p>\n<p>Online bankk\u00e1rty\u00e1val az EuPlatesc-en kereszt\u00fcl (Visa\/Maestro\/Mastercard).<\/p>\n<p>Az \"Online bankk\u00e1rty\u00e1s fizet\u00e9s\" opci\u00f3 eset\u00e9n a rendszer \u00e1tir\u00e1ny\u00edtja \u00d6nt a fizet\u00e9si szolg\u00e1ltat\u00f3 biztons\u00e1gos oldal\u00e1ra, ahol ki kell t\u00f6ltenie egy \u0171rlapot a k\u00e1rtyaadataival.<\/p>\n<p>- A Visa \u00e9s MasterCard m\u00e1rkan\u00e9v alatt kibocs\u00e1tott hitel\/bet\u00e9ti k\u00e1rty\u00e1kkal (Visa\/Visa Electron \u00e9s MasterCard\/Maestro) t\u00f6rt\u00e9n\u0151 fizet\u00e9s a Visa\/MasterCard k\u00e1rtyaszervezetek \u00e1ltal kifejlesztett \"3-D Secure\" rendszeren kereszt\u00fcl t\u00f6rt\u00e9nik, amely ugyanazt a biztons\u00e1gi szintet biztos\u00edtja az online tranzakci\u00f3k eset\u00e9ben, mint az ATM-ben vagy a keresked\u0151 fizikai k\u00f6rnyezet\u00e9ben v\u00e9gzett tranzakci\u00f3k eset\u00e9ben.<\/p>\n<p>- A \"3-D Secure\" els\u0151sorban azt biztos\u00edtja, hogy az online \u00e1ruh\u00e1z szerverein semmilyen, az \u00d6n k\u00e1rty\u00e1j\u00e1val kapcsolatos inform\u00e1ci\u00f3 nem ker\u00fcl \u00e1tvitelre vagy t\u00e1rol\u00e1sra.<\/p>\n<p>Fontos tudni! - Bankk\u00e1rty\u00e1s fizet\u00e9s eset\u00e9n a k\u00e1rtyabirtokost nem terheli d\u00edj!<\/p>\n<p>- A web\u00e1ruh\u00e1zb\u00f3l v\u00e1s\u00e1rolt term\u00e9kek szok\u00e1sos sz\u00e1ll\u00edt\u00e1si ideje a ........... weboldalon a megrendel\u00e9s visszaigazol\u00e1s\u00e1t\u00f3l sz\u00e1m\u00edtva h\u00e9tf\u0151t\u0151l szombatig, a ........... weboldalon bel\u00fcl. A rakt\u00e1ron nem l\u00e9v\u0151 term\u00e9keket a ..... illetve a ........ k\u00f6z\u00f6tt sz\u00e1ll\u00edtj\u00e1k ki.<\/p>\n<p>A megrendelt term\u00e9keket c\u00e9g\u00fcnk k\u00e9pvisel\u0151je vagy fut\u00e1rszolg\u00e1lat sz\u00e1ll\u00edtja ki, megfelel\u0151 csomagol\u00e1sban.<\/p>\n<p>A sz\u00e1ll\u00edt\u00e1s\u00e9rt felsz\u00e1m\u00edtott d\u00edjak a k\u00f6vetkez\u0151k:<\/p>\n<p>A SZ\u00c1LL\u00cdT\u00c1S INGYENES MINDEN MEGRENDEL\u00c9S ESET\u00c9N MINIMUM .... LEJ AZ EG\u00c9SZ ORSZ\u00c1GBAN. .... ALATTI MEGRENDEL\u00c9SEK ESET\u00c9N LEI KER\u00dcL FELSZ\u00c1M\u00cdT\u00c1SRA ...... LEI SZ\u00c1LL\u00cdT\u00c1SI K\u00d6LTS\u00c9G.<\/p>\n<p>Az eg\u00e9sz orsz\u00e1gba fut\u00e1rszolg\u00e1latok sz\u00e1ll\u00edtj\u00e1k ki. A sz\u00e1ll\u00edt\u00e1si d\u00edj a ..... c\u00edmen \u00e9rhet\u0151 el, f\u00fcggetlen\u00fcl a helysz\u00ednt\u0151l. A r\u00e9szletek\u00e9rt k\u00e9rj\u00fck, l\u00e9pjen kapcsolatba vel\u00fcnk a tel.\u00a0<a href=\"http:\/\/0743654954\/\">(+40) 0743 654 954<\/a>\u00a0vagy\u00a0<strong>office@foodiesnutrition.ro<\/strong><\/p>\n<p><strong>6. R\u00e9szv\u00e9nyek, garanci\u00e1k, hozamok<\/strong><\/p>\n<p><strong>6.1.K\u00c9SZLET<\/strong><\/p>\n<p>A term\u00e9kek rakt\u00e1ron vannak, de el\u0151fordulhat, hogy a lassan mozg\u00f3 term\u00e9kek kifogynak a k\u00e9szletb\u0151l. A kereslet f\u00fcggv\u00e9ny\u00e9ben a k\u00e9szletfelt\u00f6lt\u00e9s biztos\u00edtott. Az \u00fcgyfeleket a megrendel\u00e9s meger\u0151s\u00edt\u00e9se el\u0151tt a szerz\u0151d\u00e9si felt\u00e9teleknek megfelel\u0151en t\u00e1j\u00e9koztatj\u00e1k a megrendelt term\u00e9kek el\u00e9rhet\u0151s\u00e9g\u00e9r\u0151l.<\/p>\n<p>Az online \u00e1ruh\u00e1z weboldal\u00e1n megjelen\u0151 \u00f6sszes term\u00e9k\u00a0<strong>foodiesnutrition.ro<\/strong>\u00a0a besz\u00e1ll\u00edt\u00f3k k\u00e9szlet\u00e9nek rendelkez\u00e9sre \u00e1ll\u00e1s\u00e1t\u00f3l f\u00fcgg\u0151en rendel\u00e9s alapj\u00e1n hozhat\u00f3k be.<\/p>\n<p><strong>6.2.GARANCIA<\/strong><\/p>\n<p>A fizikai (fut\u00e1rszolg\u00e1lattal) sz\u00e1ll\u00edtott term\u00e9kek eredeti, lez\u00e1rt (abban a form\u00e1ban, ahogyan a partnerekt\u0151l \u00e9rkezik) \u00e9s az ad\u00f3sz\u00e1mla, a nyugta (az \u00fcgyint\u00e9z\u0151 vagy a fut\u00e1rc\u00e9g \u00e1ltal ki\u00e1ll\u00edtott) \u00e9s adott esetben a j\u00f3t\u00e1ll\u00e1si jegy (a j\u00f3t\u00e1ll\u00e1st ig\u00e9nyl\u0151 term\u00e9kek eset\u00e9ben) k\u00eds\u00e9ret\u00e9ben \u00e9rkeznek.<\/p>\n<p><strong>6.3. A TERM\u00c9KEK LE\u00cdR\u00c1SA \u00c9S VISSZAK\u00dcLD\u00c9SE<\/strong><\/p>\n<p><strong>foodiesnutrition.ro<\/strong>\u00a0mindent megtesz a lehet\u0151 legnagyobb pontoss\u00e1g \u00e9rdek\u00e9ben. A weboldalon megjelen\u00edtett term\u00e9kk\u00e9pek csak t\u00e1j\u00e9koztat\u00f3 jelleg\u0171ek.<\/p>\n<p>Ha egy term\u00e9k, amelyet a\u00a0<strong>foodiesnutrition.ro<\/strong>\u00a0elt\u00e9r a weboldalon tal\u00e1lhat\u00f3 le\u00edr\u00e1st\u00f3l, akkor a weboldal visszak\u00fcld\u00e9si szab\u00e1lyzat\u00e1nak \u00e9s a hat\u00e1lyos rom\u00e1niai jogszab\u00e1lyoknak megfelel\u0151en visszak\u00fcldheti.<\/p>\n<p>A fogyaszt\u00f3nak jog\u00e1ban \u00e1ll a term\u00e9k \u00e1tv\u00e9tel\u00e9t\u0151l, illetve szolg\u00e1ltat\u00e1s eset\u00e9n a szerz\u0151d\u00e9s megk\u00f6t\u00e9s\u00e9t\u0151l sz\u00e1m\u00edtott 14 napon bel\u00fcl \u00edr\u00e1sban \u00e9rtes\u00edteni a keresked\u0151t arr\u00f3l, hogy a 34\/2014 rendelet rendelkez\u00e9sei szerint szankci\u00f3 \u00e9s indokl\u00e1s n\u00e9lk\u00fcl el\u00e1ll a v\u00e1s\u00e1rl\u00e1st\u00f3l.<\/p>\n<p>Ha \u00e9lni k\u00edv\u00e1n ezzel a joggal, a k\u00f6vetkez\u0151 k\u00f6telezetts\u00e9gek terhelik \u00d6nt:<\/p>\n<p>- a megv\u00e1s\u00e1rolt term\u00e9ket eredeti, s\u00e9rtetlen, lez\u00e1rt csomagol\u00e1sban visszak\u00fcldeni. A fogyaszt\u00f3 csak akkor viseli a term\u00e9k visszak\u00fcld\u00e9s\u00e9nek k\u00f6zvetlen k\u00f6lts\u00e9geit, ha a term\u00e9k nem s\u00e9r\u00fclt meg. Az \u00fczlethelyis\u00e9gen k\u00edv\u00fcl k\u00f6t\u00f6tt szerz\u0151d\u00e9sek eset\u00e9ben, ha a term\u00e9keket a szerz\u0151d\u00e9s megk\u00f6t\u00e9sekor a fogyaszt\u00f3 otthon\u00e1ba sz\u00e1ll\u00edtott\u00e1k, az \u00fcgyint\u00e9z\u0151 saj\u00e1t k\u00f6lts\u00e9g\u00e9n visszaveszi a term\u00e9keket, ha a term\u00e9kek jelleg\u00fckn\u00e9l fogva megs\u00e9r\u00fcltek, vagy ha a fogyaszt\u00f3 rossz term\u00e9ket kapott. A visszak\u00fcld\u00e9snek a k\u00f6vetkez\u0151 c\u00edmre kell \u00e9rkeznie,\u00a0<strong>FoodiesNutrition.<\/strong>,\u00a0Tiocu de Sus\u00a0, jud.\u00a0CLUJ<br \/>Tiocu de Sus, Com. Corne\u0219ti, nr.29.<\/p>\n<p>- a megv\u00e1s\u00e1rolt term\u00e9ket m\u0171k\u00f6d\u0151k\u00e9pes \u00e1llapotban, s\u00e9rtetlen\u00fcl, abban az \u00e1llapotban adja vissza, amelyben azt \u00e1tadt\u00e1k.<\/p>\n<p>A term\u00e9ket az UrgentCargus fut\u00e1rszolg\u00e1lattal vagy - az UrgentCargus \u00e1ltal nem lefedett helyek eset\u00e9ben - a Posta Romana post\u00e1val k\u00fcldi vissza. S\u00e9r\u00fclt term\u00e9k vagy a megrendelt term\u00e9kt\u0151l elt\u00e9r\u0151 term\u00e9k \u00e1tv\u00e9tele eset\u00e9n a k\u00f6lts\u00e9geket a Posta Romana \u00e9s a ................. egyar\u00e1nt viseli.<\/p>\n<p><strong>6.4. VISSZASZ\u00c1LL\u00cdT\u00c1SI POLITIKA<\/strong><\/p>\n<p>A sz\u00e1ll\u00edt\u00f3 k\u00f6telezetts\u00e9gei el\u00e1ll\u00e1s eset\u00e9n<\/p>\n<p>(1) A sz\u00e1ll\u00edt\u00f3 indokolatlan k\u00e9sedelem n\u00e9lk\u00fcl, de legk\u00e9s\u0151bb att\u00f3l a napt\u00f3l sz\u00e1m\u00edtott 14 napon bel\u00fcl, amikor a fogyaszt\u00f3nak a 11. cikkel \u00f6sszhangban a szerz\u0151d\u00e9st\u0151l val\u00f3 el\u00e1ll\u00e1sra vonatkoz\u00f3 d\u00f6nt\u00e9s\u00e9r\u0151l \u00e9rtes\u00fclt, k\u00f6teles visszafizetni minden olyan \u00f6sszeget, amelyet a fogyaszt\u00f3t\u00f3l fizet\u00e9sk\u00e9nt kapott, bele\u00e9rtve adott esetben a sz\u00e1ll\u00edt\u00e1si k\u00f6lts\u00e9geket is.<\/p>\n<p>(2) A sz\u00e1ll\u00edt\u00f3nak vissza kell t\u00e9r\u00edtenie a (2) bekezd\u00e9sben eml\u00edtett \u00f6sszegeket. (1) ugyanazokkal a fizet\u00e9si m\u00f3dokkal, amelyeket a fogyaszt\u00f3 az eredeti \u00fcgylet sor\u00e1n haszn\u00e1lt, kiv\u00e9ve, ha a fogyaszt\u00f3 m\u00e1s fizet\u00e9si m\u00f3dhoz j\u00e1rult hozz\u00e1, \u00e9s azzal a felt\u00e9tellel, hogy a visszat\u00e9r\u00edt\u00e9st k\u00f6vet\u0151en a fogyaszt\u00f3t nem terheli jutal\u00e9k.<\/p>\n<p>(3) A (3) bekezd\u00e9s s\u00e9relme n\u00e9lk\u00fcl. (1) bekezd\u00e9se \u00e9rtelm\u00e9ben a sz\u00e1ll\u00edt\u00f3 nem k\u00f6teles a t\u00f6bbletk\u00f6lts\u00e9gek megt\u00e9r\u00edt\u00e9s\u00e9re, ha a fogyaszt\u00f3 kifejezetten a keresked\u0151 \u00e1ltal k\u00edn\u00e1lt szabv\u00e1nyos sz\u00e1ll\u00edt\u00e1si m\u00f3dt\u00f3l elt\u00e9r\u0151 sz\u00e1ll\u00edt\u00e1si m\u00f3dot v\u00e1lasztott.<\/p>\n<p>(4) Hacsak a sz\u00e1ll\u00edt\u00f3 nem aj\u00e1nlotta fel, hogy maga veszi vissza a term\u00e9keket, ad\u00e1sv\u00e9teli szerz\u0151d\u00e9s eset\u00e9n a sz\u00e1ll\u00edt\u00f3 elhalaszthatja a visszat\u00e9r\u00edt\u00e9st az eladott term\u00e9kek \u00e1tv\u00e9tel\u00e9nek id\u0151pontj\u00e1ig, vagy addig, am\u00edg a fogyaszt\u00f3t\u00f3l igazol\u00e1st nem kap arr\u00f3l, hogy a term\u00e9keket a keresked\u0151nek k\u00fcldte, att\u00f3l f\u00fcgg\u0151en, hogy melyik a kor\u00e1bbi id\u0151pont.<\/p>\n<p>Fogyaszt\u00f3i k\u00f6telezetts\u00e9gek el\u00e1ll\u00e1s eset\u00e9n:<\/p>\n<p>(1) Amennyiben a keresked\u0151 nem aj\u00e1nlotta fel, hogy a term\u00e9keket maga veszi vissza, a fogyaszt\u00f3 k\u00f6teles a term\u00e9keket indokolatlan k\u00e9sedelem n\u00e9lk\u00fcl, de legk\u00e9s\u0151bb att\u00f3l a napt\u00f3l sz\u00e1m\u00edtott 14 napon bel\u00fcl, amikor a 11. cikkel \u00f6sszhangban \u00e9rtes\u00edtette a keresked\u0151t a szerz\u0151d\u00e9st\u0151l val\u00f3 el\u00e1ll\u00e1sra vonatkoz\u00f3 d\u00f6nt\u00e9s\u00e9r\u0151l, visszak\u00fcldeni vagy \u00e1tadni a keresked\u0151nek vagy a keresked\u0151 \u00e1ltal a term\u00e9kek \u00e1tv\u00e9tel\u00e9re felhatalmazott szem\u00e9lynek. A hat\u00e1rid\u0151 akkor teljes\u00fcl, ha a fogyaszt\u00f3 a 14 napos hat\u00e1rid\u0151 lej\u00e1rta el\u0151tt visszak\u00fcldi a term\u00e9ket.<\/p>\n<p>(2) A fogyaszt\u00f3 csak a term\u00e9kek visszak\u00fcld\u00e9s\u00e9nek k\u00f6zvetlen k\u00f6lts\u00e9geit viseli, kiv\u00e9ve, ha a sz\u00e1ll\u00edt\u00f3 v\u00e1llalja e k\u00f6lts\u00e9gek visel\u00e9s\u00e9t, vagy ha a sz\u00e1ll\u00edt\u00f3 nem t\u00e1j\u00e9koztatta a fogyaszt\u00f3t arr\u00f3l, hogy e k\u00f6lts\u00e9geket a fogyaszt\u00f3nak kell viselnie. Az \u00fczlethelyis\u00e9gen k\u00edv\u00fcl k\u00f6t\u00f6tt szerz\u0151d\u00e9sek eset\u00e9ben, amikor a term\u00e9keket a szerz\u0151d\u00e9s megk\u00f6t\u00e9sekor a fogyaszt\u00f3 otthon\u00e1ba sz\u00e1ll\u00edtott\u00e1k, a sz\u00e1ll\u00edt\u00f3 saj\u00e1t k\u00f6lts\u00e9g\u00e9n visszaveszi a term\u00e9keket, ha a term\u00e9kek jelleg\u00fckn\u00e9l fogva \u00e1ltal\u00e1ban nem k\u00fcldhet\u0151k vissza postai \u00faton.<\/p>\n<p>(3) A fogyaszt\u00f3 csak a term\u00e9kek term\u00e9szet\u00e9nek, jellemz\u0151inek \u00e9s m\u0171k\u00f6d\u00e9s\u00e9nek meghat\u00e1roz\u00e1s\u00e1hoz sz\u00fcks\u00e9ges kezel\u00e9sen k\u00edv\u00fcli, a term\u00e9kek \u00e9rt\u00e9kcs\u00f6kken\u00e9s\u00e9b\u0151l ered\u0151 \u00e9rt\u00e9kcs\u00f6kken\u00e9s\u00e9rt felel. A term\u00e9kek \u00e9rt\u00e9kcs\u00f6kken\u00e9se nem akad\u00e1lyozhatja a fogyaszt\u00f3t abban, hogy \u00e9ljen el\u00e1ll\u00e1si jog\u00e1val. A fogyaszt\u00f3 semmik\u00e9ppen sem felel\u0151s a term\u00e9kek \u00e9rt\u00e9kcs\u00f6kken\u00e9s\u00e9\u00e9rt, ha a sz\u00e1ll\u00edt\u00f3 elmulasztotta t\u00e1j\u00e9koztatni \u0151t az el\u00e1ll\u00e1si jog\u00e1r\u00f3l.<\/p>\n<p>(4) A sz\u00e1ll\u00edt\u00f3nak tudnia kell bizony\u00edtani a term\u00e9kek \u00e9rt\u00e9kcs\u00f6kken\u00e9s\u00e9t, amely a term\u00e9kek jelleg\u00e9nek, jellemz\u0151inek \u00e9s m\u0171k\u00f6d\u00e9s\u00e9nek meghat\u00e1roz\u00e1s\u00e1hoz sz\u00fcks\u00e9ges m\u00e9rt\u00e9kt\u0151l elt\u00e9r\u0151 \u00e9rt\u00e9kcs\u00f6kken\u00e9st eredm\u00e9nyez.<\/p>\n<p>(5) Ha a fogyaszt\u00f3 a k\u00e9relem beny\u00fajt\u00e1s\u00e1t k\u00f6vet\u0151en \u00e9l az el\u00e1ll\u00e1si jog\u00e1val, a fogyaszt\u00f3 k\u00f6teles a sz\u00e1ll\u00edt\u00f3nak a szerz\u0151d\u00e9s teljes fedezet\u00e9hez viszony\u00edtott, az el\u00e1ll\u00e1si jog gyakorl\u00e1s\u00e1r\u00f3l a sz\u00e1ll\u00edt\u00f3t \u00e9rtes\u00edt\u0151 fogyaszt\u00f3 \u00e1ltal az el\u00e1ll\u00e1si jog gyakorl\u00e1s\u00e1r\u00f3l sz\u00f3l\u00f3 \u00e9rtes\u00edt\u00e9s id\u0151pontj\u00e1ig teljes\u00edtett sz\u00e1ll\u00edt\u00e1ssal ar\u00e1nyos \u00f6sszeget megfizetni. A fogyaszt\u00f3 \u00e1ltal a sz\u00e1ll\u00edt\u00f3nak fizetend\u0151 ar\u00e1nyos \u00f6sszeget a szerz\u0151d\u00e9sben meg\u00e1llap\u00edtott teljes \u00e1r alapj\u00e1n sz\u00e1m\u00edtj\u00e1k ki. Ha a teljes \u00e1r t\u00fal magas, az ar\u00e1nyos \u00f6sszeget a sz\u00e1ll\u00edtott term\u00e9kek piaci \u00e9rt\u00e9ke alapj\u00e1n kell kisz\u00e1m\u00edtani.<\/p>\n<p>Mi az a panasz \/ beadv\u00e1ny?<\/p>\n<p>\"Pet\u00edci\u00f3\": olyan \u00edr\u00e1sban vagy elektronikus lev\u00e9lben megfogalmazott k\u00e9r\u00e9s, panasz, panasz vagy javaslat, amelyet egy \u00e1llampolg\u00e1r vagy jogszer\u0171en l\u00e9trehozott szervezet a k\u00f6zponti \u00e9s helyi hat\u00f3s\u00e1gokhoz \u00e9s int\u00e9zm\u00e9nyekhez, a miniszt\u00e9riumok \u00e9s m\u00e1s k\u00f6zponti szervek decentraliz\u00e1lt k\u00f6zszolg\u00e1lataihoz, az orsz\u00e1gos v\u00e1llalatokhoz \u00e9s t\u00e1rsas\u00e1gokhoz, a megyei vagy helyi \u00e9rdekelts\u00e9g\u0171 gazdas\u00e1gi t\u00e1rsas\u00e1gokhoz, valamint az auton\u00f3m v\u00e1llalatokhoz, a tov\u00e1bbiakban: hat\u00f3s\u00e1gok \u00e9s int\u00e9zm\u00e9nyek\", a pet\u00edci\u00f3k megold\u00e1s\u00e1ra ir\u00e1nyul\u00f3 tev\u00e9kenys\u00e9g szab\u00e1lyoz\u00e1s\u00e1r\u00f3l sz\u00f3l\u00f3 27\/2002. sz. rendelet 2. cikke szerint.<\/p>\n<p><strong>7. Munkarend, sz\u00e1ll\u00edt\u00e1sok, hat\u00e1rid\u0151k<\/strong><\/p>\n<p>- Az online \u00e1ruh\u00e1zban kaphat\u00f3 term\u00e9keket fizikailag fut\u00e1rral vagy postai \u00faton is ki lehet sz\u00e1ll\u00edtani.<\/p>\n<p>- A fizikai term\u00e9kek sz\u00e1ll\u00edt\u00e1si ideje ............... nap a megrendel\u00e9s visszaigazol\u00e1s\u00e1t\u00f3l sz\u00e1m\u00edtva, a ...................... oldalon tal\u00e1lhat\u00f3 id\u0151intervallumon bel\u00fcl, h\u00e9tf\u0151t\u0151l szombatig.<\/p>\n<p>- A fizikai k\u00e9zbes\u00edt\u00e9s h\u00e1zt\u00f3l h\u00e1zig, fut\u00e1rral\/postai \u00faton t\u00f6rt\u00e9nik - kiszervezett szolg\u00e1ltat\u00e1s, \u00edgy f\u00fcggetlen az adminisztr\u00e1tort\u00f3l.<\/p>\n<p><strong>8. A vev\u0151 k\u00f6telezetts\u00e9gei<\/strong><\/p>\n<p>- k\u00e9r\u00e9sre igaz, pontos \u00e9s aktu\u00e1lis inform\u00e1ci\u00f3kat szolg\u00e1ltasson a szervezet\u00e9r\u0151l, ellenkez\u0151 esetben fenn\u00e1ll a megrendel\u00e9sek elutas\u00edt\u00e1s\u00e1nak lehet\u0151s\u00e9ge;<\/p>\n<p>- v\u00e1llalja, hogy az esetleges probl\u00e9m\u00e1kat az utal\u00e1st\u00f3l sz\u00e1m\u00edtott 14 napon bel\u00fcl megoldja az adminisztr\u00e1tornak k\u00fcld\u00f6tt e-mailben;<\/p>\n<p>- elfogadja a rendszergazda \u00c1SZF-j\u00e9t a megrendel\u00e9sek elind\u00edt\u00e1s\u00e1val, \u00e9s a megrendel\u00e9s tov\u00e1bb\u00edt\u00e1sakor rendelkez\u00e9sre \u00e1ll\u00f3 m\u00f3dszerekkel fizeti ki az \u00e1rut.<\/p>\n<p><strong>9. Az elad\u00f3 k\u00f6telezetts\u00e9gei<\/strong><\/p>\n<p>- felveszi a kapcsolatot az \u00fcgyfelekkel a megrendel\u00e9sek meger\u0151s\u00edt\u00e9se \u00e9rdek\u00e9ben e-mailben, sms-ben vagy telefonon.<\/p>\n<p>- a term\u00e9keket a megrendel\u00e9s visszaigazol\u00e1s\u00e1t k\u00f6vet\u0151 2-5 napon bel\u00fcl sz\u00e1ll\u00edtjuk.<\/p>\n<p>- az \u00fcgyfelekt\u0151l\/felhaszn\u00e1l\u00f3kt\u00f3l gy\u0171jt\u00f6tt szem\u00e9lyes adatokat az \u00c1SZF szerves r\u00e9sz\u00e9t k\u00e9pez\u0151 \"Titoktart\u00e1s\" szakasznak megfelel\u0151en haszn\u00e1lja fel.<\/p>\n<p><strong>10. Adatv\u00e9delmi ir\u00e1nyelvek<\/strong><\/p>\n<p>- A rendszergazda nem \u00f6szt\u00f6nzi a SPAM-et, nem haszn\u00e1lja fel semmilyen m\u00f3don az \u00d6n e-mail c\u00edm\u00e9t, amellyel \u00d6n fi\u00f3kot hozott l\u00e9tre vagy feliratkozott a h\u00edrlev\u00e9lre, harmadik (term\u00e9szetes vagy jogi) f\u00e9l sz\u00e1m\u00e1ra, az \u00d6n kifejezett hozz\u00e1j\u00e1rul\u00e1sa n\u00e9lk\u00fcl.<\/p>\n<p>Az egy\u00e9neknek a szem\u00e9lyes adatok kezel\u00e9se tekintet\u00e9ben t\u00f6rt\u00e9n\u0151 v\u00e9delm\u00e9r\u0151l \u00e9s az ilyen adatok szabad \u00e1raml\u00e1s\u00e1r\u00f3l sz\u00f3l\u00f3, m\u00f3dos\u00edtott \u00e9s kieg\u00e9sz\u00edtett 677\/2001. sz\u00e1m\u00fa t\u00f6rv\u00e9ny, valamint a szem\u00e9lyes adatok kezel\u00e9s\u00e9r\u0151l \u00e9s a mag\u00e1n\u00e9let v\u00e9delm\u00e9r\u0151l az elektronikus h\u00edrk\u00f6zl\u00e9si \u00e1gazatban sz\u00f3l\u00f3 506\/2004. sz\u00e1m\u00fa t\u00f6rv\u00e9ny k\u00f6vetelm\u00e9nyei szerint az adminisztr\u00e1tor k\u00f6teles az \u00d6nr\u0151l, csal\u00e1dtagj\u00e1r\u00f3l vagy m\u00e1s szem\u00e9lyr\u0151l megadott szem\u00e9lyes adatokat biztons\u00e1gosan \u00e9s csak a meghat\u00e1rozott c\u00e9lokra kezelni. Az adatgy\u0171jt\u00e9s c\u00e9lja a megrendel\u00e9sek teljes\u00edt\u00e9se, a rekl\u00e1m-marketing \u00e9s a k\u00edn\u00e1lt szolg\u00e1ltat\u00e1sok fejleszt\u00e9s\u00e9hez sz\u00fcks\u00e9ges statisztik\u00e1k k\u00e9sz\u00edt\u00e9se.<\/p>\n<p>- A rendszergazda csak akkor gy\u0171jt szem\u00e9lyes adatokat (vezet\u00e9k- \u00e9s keresztn\u00e9v, e-mail c\u00edm, telefonsz\u00e1m, c\u00edm \u00e9s egy\u00e9b sz\u00e1ml\u00e1z\u00e1si adatok) az \u00fcgyfelekt\u0151l, ha azokat \u00f6nk\u00e9ntesen megadj\u00e1k. Ezen adatok megad\u00e1s\u00e1nak megtagad\u00e1sa lehetetlenn\u00e9 teszi az online leadott megrendel\u00e9sek feldolgoz\u00e1s\u00e1t a k\u00f6vetkez\u0151 oldalakon\u00a0<strong>foodiesnutrition.ro<\/strong><\/p>\n<p>- A r\u00f6gz\u00edtett inform\u00e1ci\u00f3kat az \u00fczemeltet\u0151nek kell felhaszn\u00e1lnia, \u00e9s azokat k\u00f6zlik az \u00fczemeltet\u0151 kereskedelmi\/marketingszolg\u00e1lat\u00e1val \u00e9s a fut\u00e1rszolg\u00e1latokkal.<\/p>\n<p>- A 677\/2001. sz. t\u00f6rv\u00e9ny \u00e9rtelm\u00e9ben \u00d6nnek joga van az adatokhoz val\u00f3 hozz\u00e1f\u00e9r\u00e9shez, az adatokkal kapcsolatos beavatkoz\u00e1shoz, ahhoz, hogy ne vonatkozzon \u00d6nre egyedi d\u00f6nt\u00e9s, valamint ahhoz, hogy jogi l\u00e9p\u00e9seket tegyen. \u00d6nnek joga van tov\u00e1bb\u00e1 tiltakozni szem\u00e9lyes adatainak feldolgoz\u00e1sa ellen, \u00e9s k\u00e9rheti azok t\u00f6rl\u00e9s\u00e9t*. E jogok gyakorl\u00e1sa \u00e9rdek\u00e9ben \u00d6n \u00edr\u00e1sos, d\u00e1tummal ell\u00e1tott \u00e9s al\u00e1\u00edrt k\u00e9relmet ny\u00fajthat be a v\u00e1llalat irod\u00e1j\u00e1ba. \u00d6nnek joga van jogi l\u00e9p\u00e9seket is tenni.<\/p>\n<p>Ha b\u00e1rmelyik adata pontatlan, k\u00e9rj\u00fck, miel\u0151bb t\u00e1j\u00e9koztasson minket.<\/p>\n<p><strong>Figyelmeztet\u0151<\/strong><\/p>\n<p>* b\u00e1rmely szem\u00e9lynek joga van ahhoz, hogy jogos okokb\u00f3l tiltakozzon a r\u00e1 vonatkoz\u00f3 adatok feldolgoz\u00e1sa ellen.<\/p>\n<p>Ez a tiltakoz\u00e1si jog kiz\u00e1rhat\u00f3 bizonyos, t\u00f6rv\u00e9nyben el\u0151\u00edrt adatkezel\u00e9si m\u0171veletek eset\u00e9ben (pl.: p\u00e9nz\u00fcgyi \u00e9s ad\u00f3\u00fcgyi, rend\u0151rs\u00e9gi, igazs\u00e1g\u00fcgyi, t\u00e1rsadalombiztos\u00edt\u00e1si szolg\u00e1latok \u00e1ltal v\u00e9gzett adatkezel\u00e9s). Ez\u00e9rt ez az eml\u00edt\u00e9s nem jelenhet meg, ha az adatkezel\u00e9s k\u00f6telez\u0151 jelleg\u0171; b\u00e1rmely szem\u00e9lynek joga van ahhoz is, hogy ingyenesen \u00e9s indokl\u00e1s n\u00e9lk\u00fcl tiltakozzon szem\u00e9lyes adatainak k\u00f6zvetlen \u00fczletszerz\u00e9s c\u00e9lj\u00e1b\u00f3l t\u00f6rt\u00e9n\u0151 kezel\u00e9se ellen.<\/p>\n<p>S\u00fctik - sz\u00f6veges f\u00e1jlok, amelyeket az internetb\u00f6ng\u00e9sz\u0151 vez\u00e9rel, amely a standard verzi\u00f3ban \u00fagy van be\u00e1ll\u00edtva, hogy elfogadja \u0151ket. Az oldal el\u00e9r\u00e9sekor\u00a0<strong>foodiesnutrition.ro<\/strong>, megk\u00e9ri az internetb\u00f6ng\u00e9sz\u0151j\u00e9t, hogy t\u00e1rolja a cookie-kat a sz\u00e1m\u00edt\u00f3g\u00e9p mem\u00f3ri\u00e1j\u00e1ban. A s\u00fctikben l\u00e9v\u0151 inform\u00e1ci\u00f3k miatt bizonyos be\u00e1ll\u00edt\u00e1sok\/m\u0171veletek k\u00e9t k\u00fcl\u00f6n munkamenet k\u00f6z\u00f6tt is megmaradnak, \u00edgy n\u00f6velve az oldal bet\u00f6lt\u00e9s\u00e9nek sebess\u00e9g\u00e9t a k\u00e9s\u0151bbi l\u00e1togat\u00e1sok sor\u00e1n. Vannak olyan helyzetek, amikor a webhely IP-c\u00edme, amelyr\u0151l a webhelyet el\u00e9rte, vagy adott esetben a hivatkoz\u00f3 webhely IP-c\u00edme megmaradhat.\u00a0<strong>foodiesnutrition.ro<\/strong> bizonyos korl\u00e1tok k\u00f6z\u00f6tt a s\u00fctik elfogad\u00e1sa n\u00e9lk\u00fcl is haszn\u00e1lhat\u00f3. Ezek az inform\u00e1ci\u00f3k sz\u00fcks\u00e9gesek ahhoz, hogy a l\u00e1togat\u00f3knak\/\u00fcgyfeleknek min\u0151s\u00e9gi szolg\u00e1ltat\u00e1sokat ny\u00fajtsunk, \u00e9s nem ker\u00fclnek elad\u00e1sra, b\u00e9rbead\u00e1sra vagy b\u00e9rbead\u00e1sra harmadik f\u00e9lnek.<\/p>\n<p><strong>11. Peresked\u00e9s<\/strong><\/p>\n<p>Az \u00c1LTAL\u00c1NOS ELAD\u00c1SI FELT\u00c9TELEK (\u00c1SZF) a rom\u00e1n jog hat\u00e1lya al\u00e1 tartoznak. Vit\u00e1s esetben, ha a panasznak a t\u00e1rsas\u00e1g sz\u00e9khely\u00e9n t\u00f6rt\u00e9n\u0151 nyilv\u00e1ntart\u00e1sba v\u00e9tele ut\u00e1n a b\u00e9k\u00e9s rendez\u00e9s nem vezet eredm\u00e9nyre, a t\u00e1rsas\u00e1g a t\u00e1rsas\u00e1g sz\u00e9khelye szerinti telep\u00fcl\u00e9s b\u00edr\u00f3s\u00e1g\u00e1hoz fordul.<\/p>\n<p>Ha b\u00e1rmilyen k\u00e9rd\u00e9se vagy agg\u00e1lya van a jelen felhaszn\u00e1l\u00e1si felt\u00e9telekkel kapcsolatban, k\u00e9rj\u00fck, ne habozzon kapcsolatba l\u00e9pni vel\u00fcnk az erre a c\u00e9lra szolg\u00e1l\u00f3 kapcsolatfelv\u00e9teli \u0171rlapon kereszt\u00fcl vagy e-mailben az al\u00e1bbi c\u00edmen.\u00a0<strong>office@foodiesnutrition.ro<\/strong><\/p>\n<p><strong>FOODIE\u2019S NUTRITION SRL<\/strong>\u00a0bejegyzett sz\u00e9khelye\u00a0<strong>Tiocu de Sus, Com. Corne\u0219ti, nr.29 Jud. CLUJ<\/strong>, bejegyezve a c\u00e9gjegyz\u00e9kbe a C\u00e9gb\u00edr\u00f3s\u00e1gon a k\u00f6vetkez\u0151 sz\u00e1m alatt,\u00a0\u00a0<strong>J12\/4563\/2021<\/strong>\u00a0ad\u00f3sz\u00e1m.\u00a0<strong>44955514<\/strong>\u00a0telefonsz\u00e1m:\u00a0<strong>(+40) 0743 654 954<\/strong><\/p>\n<p>\u00a0<\/p>\n\n\t\t<\/div>\n\t<\/div>\n\t\t<\/div>\r\n\t<\/div>\r\n<\/div>\r\n<\/div>","protected":false},"excerpt":{"rendered":"Termeni \u015fi condi\u021bii GENERALE DE VANZARE\u00a0 ( TCGV) Inainte de a utiliza sau obtine orice materiale, informatii, servicii prin intermediul acestui magazin online, va rugam sa cititi cu atentie Termenii si Conditiile. 1. Informatii administrator magazin online FOODIE\u2019S NUTRITION SRL\u00a0cu sediul social \u00een Tiocu de Sus\u00a0, jud.\u00a0CLUJTiocu de Sus, Com. Corne\u0219ti, nr.29 Jud. CLUJ\u00a0, \u00eenregistrat\u0103 [...]","protected":false},"author":1,"featured_media":0,"parent":0,"menu_order":0,"comment_status":"closed","ping_status":"closed","template":"","meta":{"_acf_changed":false,"footnotes":""},"class_list":["post-11055","page","type-page","status-publish","hentry"],"acf":[],"yoast_head":"<!-- This site is optimized with the Yoast SEO plugin v22.8 - https:\/\/yoast.com\/wordpress\/plugins\/seo\/ -->\n<title>Termeni \u015fi condi\u021bii - Foodie&#039;s Nutrition<\/title>\n<meta name=\"robots\" content=\"index, follow, max-snippet:-1, max-image-preview:large, max-video-preview:-1\" \/>\n<link rel=\"canonical\" href=\"https:\/\/foodiesnutrition.ro\/hu\/termeni-si-conditii\/\" \/>\n<meta property=\"og:locale\" content=\"hu_HU\" \/>\n<meta property=\"og:type\" content=\"article\" \/>\n<meta property=\"og:title\" content=\"Termeni \u015fi condi\u021bii - Foodie&#039;s Nutrition\" \/>\n<meta property=\"og:url\" content=\"https:\/\/foodiesnutrition.ro\/hu\/termeni-si-conditii\/\" \/>\n<meta property=\"og:site_name\" content=\"Foodie&#039;s Nutrition\" \/>\n<meta property=\"article:modified_time\" content=\"2022-08-04T10:17:30+00:00\" \/>\n<meta name=\"twitter:card\" content=\"summary_large_image\" \/>\n<meta name=\"twitter:label1\" content=\"Becs\u00fclt olvas\u00e1si id\u0151\" \/>\n\t<meta name=\"twitter:data1\" content=\"13 perc\" \/>\n<script type=\"application\/ld+json\" class=\"yoast-schema-graph\">{\"@context\":\"https:\/\/schema.org\",\"@graph\":[{\"@type\":\"WebPage\",\"@id\":\"https:\/\/foodiesnutrition.ro\/termeni-si-conditii\/\",\"url\":\"https:\/\/foodiesnutrition.ro\/termeni-si-conditii\/\",\"name\":\"Termeni \u015fi condi\u021bii - Foodie&#039;s Nutrition\",\"isPartOf\":{\"@id\":\"https:\/\/foodiesnutrition.ro\/#website\"},\"datePublished\":\"2022-07-07T08:55:01+00:00\",\"dateModified\":\"2022-08-04T10:17:30+00:00\",\"breadcrumb\":{\"@id\":\"https:\/\/foodiesnutrition.ro\/termeni-si-conditii\/#breadcrumb\"},\"inLanguage\":\"hu\",\"potentialAction\":[{\"@type\":\"ReadAction\",\"target\":[\"https:\/\/foodiesnutrition.ro\/termeni-si-conditii\/\"]}]},{\"@type\":\"BreadcrumbList\",\"@id\":\"https:\/\/foodiesnutrition.ro\/termeni-si-conditii\/#breadcrumb\",\"itemListElement\":[{\"@type\":\"ListItem\",\"position\":1,\"name\":\"Prima pagin\u0103\",\"item\":\"https:\/\/foodiesnutrition.ro\/\"},{\"@type\":\"ListItem\",\"position\":2,\"name\":\"Termeni \u015fi condi\u021bii\"}]},{\"@type\":\"WebSite\",\"@id\":\"https:\/\/foodiesnutrition.ro\/#website\",\"url\":\"https:\/\/foodiesnutrition.ro\/\",\"name\":\"Foodie&#039;s Nutrition\",\"description\":\"Consiliere nutri\u021bional\u0103 pentru o via\u021b\u0103 mai s\u0103n\u0103toas\u0103.\",\"potentialAction\":[{\"@type\":\"SearchAction\",\"target\":{\"@type\":\"EntryPoint\",\"urlTemplate\":\"https:\/\/foodiesnutrition.ro\/?s={search_term_string}\"},\"query-input\":\"required name=search_term_string\"}],\"inLanguage\":\"hu\"}]}<\/script>\n<!-- \/ Yoast SEO plugin. -->","yoast_head_json":{"title":"Termeni \u015fi condi\u021bii - Foodie&#039;s Nutrition","robots":{"index":"index","follow":"follow","max-snippet":"max-snippet:-1","max-image-preview":"max-image-preview:large","max-video-preview":"max-video-preview:-1"},"canonical":"https:\/\/foodiesnutrition.ro\/hu\/termeni-si-conditii\/","og_locale":"hu_HU","og_type":"article","og_title":"Termeni \u015fi condi\u021bii - Foodie&#039;s Nutrition","og_url":"https:\/\/foodiesnutrition.ro\/hu\/termeni-si-conditii\/","og_site_name":"Foodie&#039;s Nutrition","article_modified_time":"2022-08-04T10:17:30+00:00","twitter_card":"summary_large_image","twitter_misc":{"Becs\u00fclt olvas\u00e1si id\u0151":"13 perc"},"schema":{"@context":"https:\/\/schema.org","@graph":[{"@type":"WebPage","@id":"https:\/\/foodiesnutrition.ro\/termeni-si-conditii\/","url":"https:\/\/foodiesnutrition.ro\/termeni-si-conditii\/","name":"Termeni \u015fi condi\u021bii - Foodie&#039;s Nutrition","isPartOf":{"@id":"https:\/\/foodiesnutrition.ro\/#website"},"datePublished":"2022-07-07T08:55:01+00:00","dateModified":"2022-08-04T10:17:30+00:00","breadcrumb":{"@id":"https:\/\/foodiesnutrition.ro\/termeni-si-conditii\/#breadcrumb"},"inLanguage":"hu","potentialAction":[{"@type":"ReadAction","target":["https:\/\/foodiesnutrition.ro\/termeni-si-conditii\/"]}]},{"@type":"BreadcrumbList","@id":"https:\/\/foodiesnutrition.ro\/termeni-si-conditii\/#breadcrumb","itemListElement":[{"@type":"ListItem","position":1,"name":"Prima pagin\u0103","item":"https:\/\/foodiesnutrition.ro\/"},{"@type":"ListItem","position":2,"name":"Termeni \u015fi condi\u021bii"}]},{"@type":"WebSite","@id":"https:\/\/foodiesnutrition.ro\/#website","url":"https:\/\/foodiesnutrition.ro\/","name":"Foodie&#039;s Nutrition","description":"Consiliere nutri\u021bional\u0103 pentru o via\u021b\u0103 mai s\u0103n\u0103toas\u0103.","potentialAction":[{"@type":"SearchAction","target":{"@type":"EntryPoint","urlTemplate":"https:\/\/foodiesnutrition.ro\/?s={search_term_string}"},"query-input":"required name=search_term_string"}],"inLanguage":"hu"}]}},"_links":{"self":[{"href":"https:\/\/foodiesnutrition.ro\/hu\/wp-json\/wp\/v2\/pages\/11055","targetHints":{"allow":["GET"]}}],"collection":[{"href":"https:\/\/foodiesnutrition.ro\/hu\/wp-json\/wp\/v2\/pages"}],"about":[{"href":"https:\/\/foodiesnutrition.ro\/hu\/wp-json\/wp\/v2\/types\/page"}],"author":[{"embeddable":true,"href":"https:\/\/foodiesnutrition.ro\/hu\/wp-json\/wp\/v2\/users\/1"}],"replies":[{"embeddable":true,"href":"https:\/\/foodiesnutrition.ro\/hu\/wp-json\/wp\/v2\/comments?post=11055"}],"version-history":[{"count":7,"href":"https:\/\/foodiesnutrition.ro\/hu\/wp-json\/wp\/v2\/pages\/11055\/revisions"}],"predecessor-version":[{"id":11691,"href":"https:\/\/foodiesnutrition.ro\/hu\/wp-json\/wp\/v2\/pages\/11055\/revisions\/11691"}],"wp:attachment":[{"href":"https:\/\/foodiesnutrition.ro\/hu\/wp-json\/wp\/v2\/media?parent=11055"}],"curies":[{"name":"wp","href":"https:\/\/api.w.org\/{rel}","templated":true}]}}